{"id":3272,"date":"2025-04-24T06:11:14","date_gmt":"2025-04-24T11:11:14","guid":{"rendered":"https:\/\/bakuclimateactionweek.org\/Az\/?page_id=3272"},"modified":"2025-10-09T03:53:42","modified_gmt":"2025-10-09T08:53:42","slug":"venues","status":"publish","type":"page","link":"https:\/\/bakuclimateactionweek.org\/Az\/bcaw2024\/venues\/","title":{"rendered":"M\u0259kanlar"},"content":{"rendered":"\t\t<div data-elementor-type=\"wp-page\" data-elementor-id=\"3272\" class=\"elementor elementor-3272\" data-elementor-post-type=\"page\">\n\t\t\t\t<div class=\"elementor-element elementor-element-74be671 e-con-full MaxH e-flex e-con e-parent\" data-id=\"74be671\" data-element_type=\"container\" id=\"MaxH\" data-settings=\"{&quot;background_background&quot;:&quot;classic&quot;}\">\n\t\t\t\t<div class=\"elementor-element elementor-element-71bc6b1 MaxH elementor-widget elementor-widget-heading\" data-id=\"71bc6b1\" data-element_type=\"widget\" data-widget_type=\"heading.default\">\n\t\t\t\t<div class=\"elementor-widget-container\">\n\t\t\t\t\t<h2 class=\"elementor-heading-title elementor-size-default\">M\u0259kanlar<\/h2>\t\t\t\t<\/div>\n\t\t\t\t<\/div>\n\t\t\t\t<\/div>\n\t\t<div class=\"elementor-element elementor-element-2150e5c e-flex e-con-boxed e-con e-parent\" data-id=\"2150e5c\" data-element_type=\"container\">\n\t\t\t\t\t<div class=\"e-con-inner\">\n\t\t\t\t<div class=\"elementor-element elementor-element-9fc0887 elementor-widget elementor-widget-spacer\" data-id=\"9fc0887\" data-element_type=\"widget\" data-widget_type=\"spacer.default\">\n\t\t\t\t<div class=\"elementor-widget-container\">\n\t\t\t\t\t\t\t<div class=\"elementor-spacer\">\n\t\t\t<div class=\"elementor-spacer-inner\"><\/div>\n\t\t<\/div>\n\t\t\t\t\t\t<\/div>\n\t\t\t\t<\/div>\n\t\t\t\t\t<\/div>\n\t\t\t\t<\/div>\n\t\t<div class=\"elementor-element elementor-element-da26768 e-flex e-con-boxed e-con e-parent\" data-id=\"da26768\" data-element_type=\"container\">\n\t\t\t\t\t<div class=\"e-con-inner\">\n\t\t\t\t<div class=\"elementor-element elementor-element-9faa645 elementor-widget elementor-widget-text-editor\" data-id=\"9faa645\" data-element_type=\"widget\" data-widget_type=\"text-editor.default\">\n\t\t\t\t<div class=\"elementor-widget-container\">\n\t\t\t\t\t\t\t\t\t<div class=\"intro-text\"><p>Bak\u0131 \u0130qlim F\u0259aliyy\u0259ti H\u0259ft\u0259si \u00f6lk\u0259 \u00fczr\u0259 uzunm\u00fcdd\u0259tli iqlim m\u00f6vzusunda milli dialoqun \u0259sas\u0131n\u0131 qoyaraq, m\u0259rh\u0259l\u0259li \u015f\u0259kild\u0259 b\u00fct\u00fcn d\u00f6vl\u0259t strukturlar\u0131n\u0131 v\u0259 c\u0259miyy\u0259ti birg\u0259 h\u0259r\u0259k\u0259t\u0259 g\u0259tirm\u0259y\u0259 do\u011fru ir\u0259lil\u0259y\u0259c\u0259k. Bak\u0131 \u0130qlim F\u0259aliyy\u0259ti H\u0259ft\u0259si \u00e7\u0259r\u00e7iv\u0259sind\u0259 \u015f\u0259h\u0259r \u00fczr\u0259 ictimai v\u0259 \u00f6z\u0259l t\u0259dbirl\u0259r \u00fc\u00e7\u00fcn bir ne\u00e7\u0259 m\u0259kan f\u0259aliyy\u0259t g\u00f6st\u0259r\u0259c\u0259k. A\u015fa\u011f\u0131da r\u0259smi proqram\u0131n \u0259sas m\u0259kanlar\u0131 t\u0259qdim olunur:<\/p><\/div>\t\t\t\t\t\t\t\t<\/div>\n\t\t\t\t<\/div>\n\t\t\t\t\t<\/div>\n\t\t\t\t<\/div>\n\t\t<div class=\"elementor-element elementor-element-41a1896 e-flex e-con-boxed e-con e-parent\" data-id=\"41a1896\" data-element_type=\"container\">\n\t\t\t\t\t<div class=\"e-con-inner\">\n\t\t\t\t<div class=\"elementor-element elementor-element-4ab575e elementor-widget elementor-widget-heading\" data-id=\"4ab575e\" data-element_type=\"widget\" data-widget_type=\"heading.default\">\n\t\t\t\t<div class=\"elementor-widget-container\">\n\t\t\t\t\t<h2 class=\"elementor-heading-title elementor-size-default\">M\u018fKANLAR<\/h2>\t\t\t\t<\/div>\n\t\t\t\t<\/div>\n\t\t\t\t\t<\/div>\n\t\t\t\t<\/div>\n\t\t<div class=\"elementor-element elementor-element-26bc474 e-flex e-con-boxed e-con e-parent\" data-id=\"26bc474\" data-element_type=\"container\" data-settings=\"{&quot;background_background&quot;:&quot;classic&quot;}\">\n\t\t\t\t\t<div class=\"e-con-inner\">\n\t\t\t\t<div class=\"elementor-element elementor-element-25a1f17 elementor-widget elementor-widget-spacer\" data-id=\"25a1f17\" data-element_type=\"widget\" data-widget_type=\"spacer.default\">\n\t\t\t\t<div class=\"elementor-widget-container\">\n\t\t\t\t\t\t\t<div class=\"elementor-spacer\">\n\t\t\t<div class=\"elementor-spacer-inner\"><\/div>\n\t\t<\/div>\n\t\t\t\t\t\t<\/div>\n\t\t\t\t<\/div>\n\t\t\t\t<div class=\"elementor-element elementor-element-0f1effc elementor-widget elementor-widget-gallery\" data-id=\"0f1effc\" data-element_type=\"widget\" data-settings=\"{&quot;columns&quot;:3,&quot;link_to&quot;:&quot;custom&quot;,&quot;url&quot;:{&quot;url&quot;:&quot;google.com&quot;,&quot;is_external&quot;:&quot;on&quot;,&quot;nofollow&quot;:&quot;&quot;,&quot;custom_attributes&quot;:&quot;&quot;},&quot;aspect_ratio&quot;:&quot;9:16&quot;,&quot;overlay_title&quot;:&quot;caption&quot;,&quot;image_hover_animation&quot;:&quot;grow&quot;,&quot;lazyload&quot;:&quot;yes&quot;,&quot;gallery_layout&quot;:&quot;grid&quot;,&quot;columns_tablet&quot;:2,&quot;columns_mobile&quot;:1,&quot;gap&quot;:{&quot;unit&quot;:&quot;px&quot;,&quot;size&quot;:10,&quot;sizes&quot;:[]},&quot;gap_tablet&quot;:{&quot;unit&quot;:&quot;px&quot;,&quot;size&quot;:10,&quot;sizes&quot;:[]},&quot;gap_mobile&quot;:{&quot;unit&quot;:&quot;px&quot;,&quot;size&quot;:10,&quot;sizes&quot;:[]},&quot;overlay_background&quot;:&quot;yes&quot;,&quot;content_hover_animation&quot;:&quot;fade-in&quot;}\" data-widget_type=\"gallery.default\">\n\t\t\t\t<div class=\"elementor-widget-container\">\n\t\t\t\t\t\t\t<div class=\"elementor-gallery__container\">\n\t\t\t\t\t\t\t<a class=\"e-gallery-item elementor-gallery-item elementor-animated-content\" href=\"http:\/\/google.com\" target=\"_blank\">\n\t\t\t\t\t<div class=\"e-gallery-image elementor-gallery-item__image\" data-thumbnail=\"https:\/\/bakuclimateactionweek.org\/Az\/wp-content\/uploads\/2025\/04\/HACExteriorPhoto-by-HuftonCrow-1-0.1506072748.6293.png\" data-width=\"414\" data-height=\"518\" aria-label=\"\" role=\"img\" ><\/div>\n\t\t\t\t\t\t\t\t\t\t\t<div class=\"elementor-gallery-item__overlay\"><\/div>\n\t\t\t\t\t\t\t\t\t\t\t\t\t\t\t<div class=\"elementor-gallery-item__content\">\n\t\t\t\t\t\t\t\t\t\t\t\t\t\t<div class=\"elementor-gallery-item__title\">\n\t\t\t\t\t\t\t\t\t\t\t\t\t\t\t\t\t\tHeydar \u018fliyev M\u0259rk\u0259zi\t\t\t\t\t\t\t\t<\/div>\n\t\t\t\t\t\t\t\t\t\t\t\t<\/div>\n\t\t\t\t\t\t\t\t\t<\/a>\n\t\t\t\t\t\t\t<a class=\"e-gallery-item elementor-gallery-item elementor-animated-content\" href=\"http:\/\/google.com\" target=\"_blank\">\n\t\t\t\t\t<div class=\"e-gallery-image elementor-gallery-item__image\" data-thumbnail=\"https:\/\/bakuclimateactionweek.org\/Az\/wp-content\/uploads\/2025\/04\/122333963.jpg\" data-width=\"800\" data-height=\"600\" aria-label=\"\" role=\"img\" ><\/div>\n\t\t\t\t\t\t\t\t\t\t\t<div class=\"elementor-gallery-item__overlay\"><\/div>\n\t\t\t\t\t\t\t\t\t\t\t\t\t\t\t<div class=\"elementor-gallery-item__content\">\n\t\t\t\t\t\t\t\t\t\t\t\t\t\t<div class=\"elementor-gallery-item__title\">\n\t\t\t\t\t\t\t\t\t\t\t\t\t\t\t\t\t\tDa\u015f Salnam\u0259 Muzeyi\t\t\t\t\t\t\t\t<\/div>\n\t\t\t\t\t\t\t\t\t\t\t\t<\/div>\n\t\t\t\t\t\t\t\t\t<\/a>\n\t\t\t\t\t\t\t<a class=\"e-gallery-item elementor-gallery-item elementor-animated-content\" href=\"http:\/\/google.com\" target=\"_blank\">\n\t\t\t\t\t<div class=\"e-gallery-image elementor-gallery-item__image\" data-thumbnail=\"https:\/\/bakuclimateactionweek.org\/Az\/wp-content\/uploads\/2025\/04\/ADA_University_1-1024x576.jpg\" data-width=\"800\" data-height=\"450\" aria-label=\"\" role=\"img\" ><\/div>\n\t\t\t\t\t\t\t\t\t\t\t<div class=\"elementor-gallery-item__overlay\"><\/div>\n\t\t\t\t\t\t\t\t\t\t\t\t\t\t\t<div class=\"elementor-gallery-item__content\">\n\t\t\t\t\t\t\t\t\t\t\t\t\t\t<div class=\"elementor-gallery-item__title\">\n\t\t\t\t\t\t\t\t\t\t\t\t\t\t\t\t\t\tADA Universiteti\t\t\t\t\t\t\t\t<\/div>\n\t\t\t\t\t\t\t\t\t\t\t\t<\/div>\n\t\t\t\t\t\t\t\t\t<\/a>\n\t\t\t\t\t\t\t<a class=\"e-gallery-item elementor-gallery-item elementor-animated-content\" href=\"http:\/\/google.com\" target=\"_blank\">\n\t\t\t\t\t<div class=\"e-gallery-image elementor-gallery-item__image\" data-thumbnail=\"https:\/\/bakuclimateactionweek.org\/Az\/wp-content\/uploads\/2025\/04\/346854884_204392445747262_1002814926462145867_n-768x1024.webp\" data-width=\"768\" data-height=\"1024\" aria-label=\"\" role=\"img\" ><\/div>\n\t\t\t\t\t\t\t\t\t\t\t<div class=\"elementor-gallery-item__overlay\"><\/div>\n\t\t\t\t\t\t\t\t\t\t\t\t\t\t\t<div class=\"elementor-gallery-item__content\">\n\t\t\t\t\t\t\t\t\t\t\t\t\t\t<div class=\"elementor-gallery-item__title\">\n\t\t\t\t\t\t\t\t\t\t\t\t\t\t\t\t\t\tThe Landmark Baku\t\t\t\t\t\t\t\t<\/div>\n\t\t\t\t\t\t\t\t\t\t\t\t<\/div>\n\t\t\t\t\t\t\t\t\t<\/a>\n\t\t\t\t\t\t\t<a class=\"e-gallery-item elementor-gallery-item elementor-animated-content\" href=\"http:\/\/google.com\" target=\"_blank\">\n\t\t\t\t\t<div class=\"e-gallery-image elementor-gallery-item__image\" data-thumbnail=\"https:\/\/bakuclimateactionweek.org\/Az\/wp-content\/uploads\/2025\/04\/premium_photo-1684713510655-e6e31536168d-1024x683.jpg\" data-width=\"800\" data-height=\"534\" aria-label=\"\" role=\"img\" ><\/div>\n\t\t\t\t\t\t\t\t\t\t\t<div class=\"elementor-gallery-item__overlay\"><\/div>\n\t\t\t\t\t\t\t\t\t\t\t\t\t\t\t<div class=\"elementor-gallery-item__content\">\n\t\t\t\t\t\t\t\t\t\t\t\t\t\t<div class=\"elementor-gallery-item__title\">\n\t\t\t\t\t\t\t\t\t\t\t\t\t\t\t\t\t\tAFFA Stadionu\t\t\t\t\t\t\t\t<\/div>\n\t\t\t\t\t\t\t\t\t\t\t\t<\/div>\n\t\t\t\t\t\t\t\t\t<\/a>\n\t\t\t\t\t\t\t<a class=\"e-gallery-item elementor-gallery-item elementor-animated-content\" href=\"http:\/\/google.com\" target=\"_blank\">\n\t\t\t\t\t<div class=\"e-gallery-image elementor-gallery-item__image\" data-thumbnail=\"https:\/\/bakuclimateactionweek.org\/Az\/wp-content\/uploads\/2025\/06\/JW_Marriott_entrance.jpg\" data-width=\"1\" data-height=\"1\" aria-label=\"\" role=\"img\" ><\/div>\n\t\t\t\t\t\t\t\t\t\t\t<div class=\"elementor-gallery-item__overlay\"><\/div>\n\t\t\t\t\t\t\t\t\t\t\t\t\t\t\t<div class=\"elementor-gallery-item__content\">\n\t\t\t\t\t\t\t\t\t\t\t\t\t\t<div class=\"elementor-gallery-item__title\">\n\t\t\t\t\t\t\t\t\t\t\t\t\t\t\t\t\t\tJW Marriott Ab\u015feron Baku\t\t\t\t\t\t\t\t<\/div>\n\t\t\t\t\t\t\t\t\t\t\t\t<\/div>\n\t\t\t\t\t\t\t\t\t<\/a>\n\t\t\t\t\t<\/div>\n\t\t\t\t\t<\/div>\n\t\t\t\t<\/div>\n\t\t\t\t<div class=\"elementor-element elementor-element-1b8d9bd elementor-widget elementor-widget-spacer\" data-id=\"1b8d9bd\" data-element_type=\"widget\" data-widget_type=\"spacer.default\">\n\t\t\t\t<div class=\"elementor-widget-container\">\n\t\t\t\t\t\t\t<div class=\"elementor-spacer\">\n\t\t\t<div class=\"elementor-spacer-inner\"><\/div>\n\t\t<\/div>\n\t\t\t\t\t\t<\/div>\n\t\t\t\t<\/div>\n\t\t\t\t<div class=\"elementor-element elementor-element-b54f81c elementor-widget elementor-widget-text-editor\" data-id=\"b54f81c\" data-element_type=\"widget\" data-widget_type=\"text-editor.default\">\n\t\t\t\t<div class=\"elementor-widget-container\">\n\t\t\t\t\t\t\t\t\t<p>M\u0259rk\u0259zi N\u0259batat Ba\u011f\u0131na ziyar\u0259tl\u0259r bu s\u0259hral\u0131q \u015f\u0259h\u0259rin nec\u0259 ya\u015f\u0131l bir m\u0259kana \u00e7evrildiyini canl\u0131 \u015f\u0259kild\u0259 n\u00fcmayi\u015f etdirir, h\u0259m\u00e7inin Bak\u0131 \u015f\u0259h\u0259rinin tarixi, memarl\u0131\u011f\u0131 v\u0259 unikal geologiyas\u0131n\u0131 \u0259ks etdir\u0259n \u015f\u0259h\u0259r turlar\u0131 v\u0259 ekskursiyalar da t\u0259\u015fkil olunur.<\/p>\t\t\t\t\t\t\t\t<\/div>\n\t\t\t\t<\/div>\n\t\t\t\t<div class=\"elementor-element elementor-element-9d40291 elementor-widget elementor-widget-html\" data-id=\"9d40291\" data-element_type=\"widget\" data-widget_type=\"html.default\">\n\t\t\t\t<div class=\"elementor-widget-container\">\n\t\t\t\t\t<script>\r\ndocument.addEventListener('DOMContentLoaded', function () {\r\n\r\nlet linkedImages = document.querySelectorAll('.e-gallery-item');\r\n\r\nlet links = [\r\n'https:\/\/heydaraliyevcenter.az\/#main',\r\n'https:\/\/meetinazerbaijan.com\/facility\/stone-chronicle-museum',\r\n'https:\/\/www.ada.edu.az\/',\r\n'https:\/\/thelandmarkbaku.az\/',\r\n'https:\/\/en.wikipedia.org\/wiki\/Tofiq_Bahramov_Republican_Stadium',\r\n'https:\/\/www.marriott.com\/en-us\/hotels\/gydjw-jw-marriott-absheron-baku\/overview\/',\r\n];\r\n\r\nlinkedImages.forEach((linkedImage, i) => {\r\nif (links[i] && links[i].length > 0) {\r\nlinkedImage.style.cursor = \"pointer\";\r\nlinkedImage.href = links[i];\r\n} else {\r\nlinkedImage.removeAttribute('href');\r\n}\r\n});\r\n\r\n});\r\n<\/script>\r\n\t\t\t\t<\/div>\n\t\t\t\t<\/div>\n\t\t\t\t\t<\/div>\n\t\t\t\t<\/div>\n\t\t\t\t<\/div>\n\t\t","protected":false},"excerpt":{"rendered":"<p>M\u0259kanlar Bak\u0131 \u0130qlim F\u0259aliyy\u0259ti H\u0259ft\u0259si \u00f6lk\u0259 \u00fczr\u0259 uzunm\u00fcdd\u0259tli iqlim m\u00f6vzusunda milli dialoqun \u0259sas\u0131n\u0131 qoyaraq, m\u0259rh\u0259l\u0259li \u015f\u0259kild\u0259 b\u00fct\u00fcn d\u00f6vl\u0259t strukturlar\u0131n\u0131 v\u0259 c\u0259miyy\u0259ti birg\u0259 h\u0259r\u0259k\u0259t\u0259 g\u0259tirm\u0259y\u0259 do\u011fru ir\u0259lil\u0259y\u0259c\u0259k. Bak\u0131 \u0130qlim F\u0259aliyy\u0259ti H\u0259ft\u0259si [&hellip;]<\/p>\n","protected":false},"author":1,"featured_media":0,"parent":8135,"menu_order":0,"comment_status":"closed","ping_status":"closed","template":"","meta":{"footnotes":""},"class_list":["post-3272","page","type-page","status-publish","hentry"],"yoast_head":"<!-- This site is optimized with the Yoast SEO plugin v26.1.1 - https:\/\/yoast.com\/wordpress\/plugins\/seo\/ -->\n<title>M\u0259kanlar - Baku<\/title>\n<meta name=\"robots\" content=\"index, follow, max-snippet:-1, max-image-preview:large, max-video-preview:-1\" \/>\n<link rel=\"canonical\" href=\"https:\/\/bakuclimateactionweek.org\/Az\/bcaw2024\/venues\/\" \/>\n<meta property=\"og:locale\" content=\"en_US\" \/>\n<meta property=\"og:type\" content=\"article\" \/>\n<meta property=\"og:title\" content=\"M\u0259kanlar - Baku\" \/>\n<meta property=\"og:description\" content=\"M\u0259kanlar Bak\u0131 \u0130qlim F\u0259aliyy\u0259ti H\u0259ft\u0259si \u00f6lk\u0259 \u00fczr\u0259 uzunm\u00fcdd\u0259tli iqlim m\u00f6vzusunda milli dialoqun \u0259sas\u0131n\u0131 qoyaraq, m\u0259rh\u0259l\u0259li \u015f\u0259kild\u0259 b\u00fct\u00fcn d\u00f6vl\u0259t strukturlar\u0131n\u0131 v\u0259 c\u0259miyy\u0259ti birg\u0259 h\u0259r\u0259k\u0259t\u0259 g\u0259tirm\u0259y\u0259 do\u011fru ir\u0259lil\u0259y\u0259c\u0259k. Bak\u0131 \u0130qlim F\u0259aliyy\u0259ti H\u0259ft\u0259si [&hellip;]\" \/>\n<meta property=\"og:url\" content=\"https:\/\/bakuclimateactionweek.org\/Az\/bcaw2024\/venues\/\" \/>\n<meta property=\"og:site_name\" content=\"Baku\" \/>\n<meta property=\"article:modified_time\" content=\"2025-10-09T08:53:42+00:00\" \/>\n<meta name=\"twitter:card\" content=\"summary_large_image\" \/>\n<meta name=\"twitter:label1\" content=\"Est. reading time\" \/>\n\t<meta name=\"twitter:data1\" content=\"1 minute\" \/>\n<script type=\"application\/ld+json\" class=\"yoast-schema-graph\">{\"@context\":\"https:\/\/schema.org\",\"@graph\":[{\"@type\":\"WebPage\",\"@id\":\"https:\/\/bakuclimateactionweek.org\/Az\/bcaw2024\/venues\/\",\"url\":\"https:\/\/bakuclimateactionweek.org\/Az\/bcaw2024\/venues\/\",\"name\":\"M\u0259kanlar - Baku\",\"isPartOf\":{\"@id\":\"https:\/\/bakuclimateactionweek.org\/Az\/#website\"},\"datePublished\":\"2025-04-24T11:11:14+00:00\",\"dateModified\":\"2025-10-09T08:53:42+00:00\",\"breadcrumb\":{\"@id\":\"https:\/\/bakuclimateactionweek.org\/Az\/bcaw2024\/venues\/#breadcrumb\"},\"inLanguage\":\"en-US\",\"potentialAction\":[{\"@type\":\"ReadAction\",\"target\":[\"https:\/\/bakuclimateactionweek.org\/Az\/bcaw2024\/venues\/\"]}]},{\"@type\":\"BreadcrumbList\",\"@id\":\"https:\/\/bakuclimateactionweek.org\/Az\/bcaw2024\/venues\/#breadcrumb\",\"itemListElement\":[{\"@type\":\"ListItem\",\"position\":1,\"name\":\"Home\",\"item\":\"https:\/\/bakuclimateactionweek.org\/Az\/\"},{\"@type\":\"ListItem\",\"position\":2,\"name\":\"BCAW 2024\",\"item\":\"https:\/\/bakuclimateactionweek.org\/Az\/bcaw2024\/\"},{\"@type\":\"ListItem\",\"position\":3,\"name\":\"M\u0259kanlar\"}]},{\"@type\":\"WebSite\",\"@id\":\"https:\/\/bakuclimateactionweek.org\/Az\/#website\",\"url\":\"https:\/\/bakuclimateactionweek.org\/Az\/\",\"name\":\"Baku\",\"description\":\"Baku Climate Action Week\",\"potentialAction\":[{\"@type\":\"SearchAction\",\"target\":{\"@type\":\"EntryPoint\",\"urlTemplate\":\"https:\/\/bakuclimateactionweek.org\/Az\/?s={search_term_string}\"},\"query-input\":{\"@type\":\"PropertyValueSpecification\",\"valueRequired\":true,\"valueName\":\"search_term_string\"}}],\"inLanguage\":\"en-US\"}]}<\/script>\n<!-- \/ Yoast SEO plugin. -->","yoast_head_json":{"title":"M\u0259kanlar - Baku","robots":{"index":"index","follow":"follow","max-snippet":"max-snippet:-1","max-image-preview":"max-image-preview:large","max-video-preview":"max-video-preview:-1"},"canonical":"https:\/\/bakuclimateactionweek.org\/Az\/bcaw2024\/venues\/","og_locale":"en_US","og_type":"article","og_title":"M\u0259kanlar - Baku","og_description":"M\u0259kanlar Bak\u0131 \u0130qlim F\u0259aliyy\u0259ti H\u0259ft\u0259si \u00f6lk\u0259 \u00fczr\u0259 uzunm\u00fcdd\u0259tli iqlim m\u00f6vzusunda milli dialoqun \u0259sas\u0131n\u0131 qoyaraq, m\u0259rh\u0259l\u0259li \u015f\u0259kild\u0259 b\u00fct\u00fcn d\u00f6vl\u0259t strukturlar\u0131n\u0131 v\u0259 c\u0259miyy\u0259ti birg\u0259 h\u0259r\u0259k\u0259t\u0259 g\u0259tirm\u0259y\u0259 do\u011fru ir\u0259lil\u0259y\u0259c\u0259k. Bak\u0131 \u0130qlim F\u0259aliyy\u0259ti H\u0259ft\u0259si [&hellip;]","og_url":"https:\/\/bakuclimateactionweek.org\/Az\/bcaw2024\/venues\/","og_site_name":"Baku","article_modified_time":"2025-10-09T08:53:42+00:00","twitter_card":"summary_large_image","twitter_misc":{"Est. reading time":"1 minute"},"schema":{"@context":"https:\/\/schema.org","@graph":[{"@type":"WebPage","@id":"https:\/\/bakuclimateactionweek.org\/Az\/bcaw2024\/venues\/","url":"https:\/\/bakuclimateactionweek.org\/Az\/bcaw2024\/venues\/","name":"M\u0259kanlar - Baku","isPartOf":{"@id":"https:\/\/bakuclimateactionweek.org\/Az\/#website"},"datePublished":"2025-04-24T11:11:14+00:00","dateModified":"2025-10-09T08:53:42+00:00","breadcrumb":{"@id":"https:\/\/bakuclimateactionweek.org\/Az\/bcaw2024\/venues\/#breadcrumb"},"inLanguage":"en-US","potentialAction":[{"@type":"ReadAction","target":["https:\/\/bakuclimateactionweek.org\/Az\/bcaw2024\/venues\/"]}]},{"@type":"BreadcrumbList","@id":"https:\/\/bakuclimateactionweek.org\/Az\/bcaw2024\/venues\/#breadcrumb","itemListElement":[{"@type":"ListItem","position":1,"name":"Home","item":"https:\/\/bakuclimateactionweek.org\/Az\/"},{"@type":"ListItem","position":2,"name":"BCAW 2024","item":"https:\/\/bakuclimateactionweek.org\/Az\/bcaw2024\/"},{"@type":"ListItem","position":3,"name":"M\u0259kanlar"}]},{"@type":"WebSite","@id":"https:\/\/bakuclimateactionweek.org\/Az\/#website","url":"https:\/\/bakuclimateactionweek.org\/Az\/","name":"Baku","description":"Baku Climate Action Week","potentialAction":[{"@type":"SearchAction","target":{"@type":"EntryPoint","urlTemplate":"https:\/\/bakuclimateactionweek.org\/Az\/?s={search_term_string}"},"query-input":{"@type":"PropertyValueSpecification","valueRequired":true,"valueName":"search_term_string"}}],"inLanguage":"en-US"}]}},"_links":{"self":[{"href":"https:\/\/bakuclimateactionweek.org\/Az\/wp-json\/wp\/v2\/pages\/3272","targetHints":{"allow":["GET"]}}],"collection":[{"href":"https:\/\/bakuclimateactionweek.org\/Az\/wp-json\/wp\/v2\/pages"}],"about":[{"href":"https:\/\/bakuclimateactionweek.org\/Az\/wp-json\/wp\/v2\/types\/page"}],"author":[{"embeddable":true,"href":"https:\/\/bakuclimateactionweek.org\/Az\/wp-json\/wp\/v2\/users\/1"}],"replies":[{"embeddable":true,"href":"https:\/\/bakuclimateactionweek.org\/Az\/wp-json\/wp\/v2\/comments?post=3272"}],"version-history":[{"count":10,"href":"https:\/\/bakuclimateactionweek.org\/Az\/wp-json\/wp\/v2\/pages\/3272\/revisions"}],"predecessor-version":[{"id":7471,"href":"https:\/\/bakuclimateactionweek.org\/Az\/wp-json\/wp\/v2\/pages\/3272\/revisions\/7471"}],"up":[{"embeddable":true,"href":"https:\/\/bakuclimateactionweek.org\/Az\/wp-json\/wp\/v2\/pages\/8135"}],"wp:attachment":[{"href":"https:\/\/bakuclimateactionweek.org\/Az\/wp-json\/wp\/v2\/media?parent=3272"}],"curies":[{"name":"wp","href":"https:\/\/api.w.org\/{rel}","templated":true}]}}