{"id":5551,"date":"2025-05-28T03:53:12","date_gmt":"2025-05-28T08:53:12","guid":{"rendered":"https:\/\/bakuclimateactionweek.org\/Az\/?page_id=5551"},"modified":"2025-10-09T02:39:21","modified_gmt":"2025-10-09T07:39:21","slug":"introduction","status":"publish","type":"page","link":"https:\/\/bakuclimateactionweek.org\/Az\/bcaw2024\/introduction\/","title":{"rendered":"Giri\u015f"},"content":{"rendered":"\t\t<div data-elementor-type=\"wp-page\" data-elementor-id=\"5551\" class=\"elementor elementor-5551\" data-elementor-post-type=\"page\">\n\t\t\t\t<div class=\"elementor-element elementor-element-a8de277 e-con-full MaxH e-flex e-con e-parent\" data-id=\"a8de277\" data-element_type=\"container\" data-settings=\"{&quot;background_background&quot;:&quot;classic&quot;}\">\n\t\t\t\t<div class=\"elementor-element elementor-element-9eba69c MaxH elementor-widget elementor-widget-heading\" data-id=\"9eba69c\" data-element_type=\"widget\" data-widget_type=\"heading.default\">\n\t\t\t\t<div class=\"elementor-widget-container\">\n\t\t\t\t\t<h2 class=\"elementor-heading-title elementor-size-default\">Giri\u015f<\/h2>\t\t\t\t<\/div>\n\t\t\t\t<\/div>\n\t\t\t\t<\/div>\n\t\t<div class=\"elementor-element elementor-element-1067047 e-flex e-con-boxed e-con e-parent\" data-id=\"1067047\" data-element_type=\"container\">\n\t\t\t\t\t<div class=\"e-con-inner\">\n\t\t<div class=\"elementor-element elementor-element-5c4a52d e-con-full e-flex e-con e-child\" data-id=\"5c4a52d\" data-element_type=\"container\">\n\t\t\t\t<div class=\"elementor-element elementor-element-81545dd elementor-widget elementor-widget-heading\" data-id=\"81545dd\" data-element_type=\"widget\" data-widget_type=\"heading.default\">\n\t\t\t\t<div class=\"elementor-widget-container\">\n\t\t\t\t\t<h2 class=\"elementor-heading-title elementor-size-default\">\u00dcMUM\u0130 M\u018fLUMAT<\/h2>\t\t\t\t<\/div>\n\t\t\t\t<\/div>\n\t\t\t\t<\/div>\n\t\t\t\t\t<\/div>\n\t\t\t\t<\/div>\n\t\t<div class=\"elementor-element elementor-element-7b133dd e-flex e-con-boxed e-con e-parent\" data-id=\"7b133dd\" data-element_type=\"container\">\n\t\t\t\t\t<div class=\"e-con-inner\">\n\t\t\t\t<div class=\"elementor-element elementor-element-5eeda36 elementor-widget elementor-widget-text-editor\" data-id=\"5eeda36\" data-element_type=\"widget\" data-widget_type=\"text-editor.default\">\n\t\t\t\t<div class=\"elementor-widget-container\">\n\t\t\t\t\t\t\t\t\t<p>M\u0259lum oldu\u011fu\u00a0 kimi, 2024-c\u00fc il sentyabr\u0131n 30-dan oktyabr\u0131n 4-n\u0259 kimi ilk Bak\u0131 \u0130qlim F\u0259aliyy\u0259ti H\u0259ft\u0259si ke\u00e7iril\u0259c\u0259k. Beyn\u0259lxalq ictimaiyy\u0259tin 2024-c\u00fc ilin noyabr\u0131nda paytaxt Bak\u0131 \u015f\u0259h\u0259rind\u0259 t\u0259\u015fkil olunacaq UNFCCC-nin T\u0259r\u0259fl\u0259r Konfrans\u0131n\u0131n 29-cu sessiyas\u0131na (COP29) haz\u0131rla\u015fd\u0131\u011f\u0131 bir \u0259r\u0259f\u0259d\u0259, bu t\u0259dbir iqlim g\u00fcnd\u0259liyinin m\u00fch\u00fcm m\u0259rh\u0259l\u0259sini t\u0259\u015fkil edir.<\/p><p>BMT Ba\u015f Assambleyas\u0131 (10-24 sentyabr) v\u0259 Nyu-York \u0130qlim H\u0259ft\u0259sind\u0259n (22-29 sentyabr) d\u0259rhal sonra ke\u00e7iril\u0259n Bak\u0131 \u0130qlim F\u0259aliyy\u0259ti H\u0259ft\u0259si (30 sentyabr-4 oktyabr) COP s\u0259drlikl\u0259rinin \u00dc\u00e7l\u00fcy\u00fc t\u0259r\u0259find\u0259n elan olunmu\u015f \u201c1,5\u00b0C missiyas\u0131n\u0131n yol x\u0259rit\u0259si\u201d \u00fczr\u0259 dinamikan\u0131 davam etdir\u0259c\u0259k v\u0259 COP29 S\u0259drliyinin 14 b\u0259ndd\u0259n ibar\u0259t F\u0259aliyy\u0259t g\u00fcnd\u0259liyin\u0259 d\u0259st\u0259k g\u00f6st\u0259r\u0259c\u0259kdir.<\/p><p class=\"paragraph-text-0923\">Beyn\u0259lxalq perspektiv v\u0259 yerli f\u0259aliyy\u0259t fonunda, Bak\u0131 \u0130qlim F\u0259aliyy\u0259ti H\u0259ft\u0259si siyas\u0259t, \u00f6z\u0259l sektor, maliyy\u0259, el\u0259c\u0259 d\u0259 ticar\u0259t v\u0259 investisiya, elm v\u0259 t\u0259hsil, \u015f\u0259h\u0259r v\u0259 regionlar, inc\u0259s\u0259n\u0259t v\u0259 m\u0259d\u0259niyy\u0259t, v\u0259t\u0259nda\u015f c\u0259miyy\u0259ti v\u0259 media sektorunu t\u0259msil ed\u0259n \u0259sas maraql\u0131 t\u0259r\u0259fl\u0259ri bir araya g\u0259tir\u0259c\u0259k. S\u00f6z\u00fcged\u0259n t\u0259dbirin m\u0259qs\u0259di h\u0259m Bonn \u0130qlim Konfrans\u0131ndan, h\u0259m d\u0259 London v\u0259 Nyu-York iqlim f\u0259aliyy\u0259ti h\u0259ft\u0259l\u0259rind\u0259n sonra n\u00f6vb\u0259ti add\u0131m olaraq COP29-un da u\u011fura imza atmas\u0131 \u00fc\u00e7\u00fcn m\u00fcnbit <\/p>\t\t\t\t\t\t\t\t<\/div>\n\t\t\t\t<\/div>\n\t\t\t\t\t<\/div>\n\t\t\t\t<\/div>\n\t\t<div class=\"elementor-element elementor-element-95c42c8 e-flex e-con-boxed e-con e-parent\" data-id=\"95c42c8\" data-element_type=\"container\">\n\t\t\t\t\t<div class=\"e-con-inner\">\n\t\t<div class=\"elementor-element elementor-element-d628aa8 e-con-full e-flex e-con e-child\" data-id=\"d628aa8\" data-element_type=\"container\">\n\t\t\t\t<div class=\"elementor-element elementor-element-3bb7ac0 elementor-widget elementor-widget-heading\" data-id=\"3bb7ac0\" data-element_type=\"widget\" data-widget_type=\"heading.default\">\n\t\t\t\t<div class=\"elementor-widget-container\">\n\t\t\t\t\t<h2 class=\"elementor-heading-title elementor-size-default\">\u018fHAT\u018f DA\u0130R\u018fS\u0130 V\u018f M\u018fQS\u018fD<\/h2>\t\t\t\t<\/div>\n\t\t\t\t<\/div>\n\t\t\t\t<\/div>\n\t\t\t\t\t<\/div>\n\t\t\t\t<\/div>\n\t\t<div class=\"elementor-element elementor-element-5f7a567 e-flex e-con-boxed e-con e-parent\" data-id=\"5f7a567\" data-element_type=\"container\">\n\t\t\t\t\t<div class=\"e-con-inner\">\n\t\t\t\t<div class=\"elementor-element elementor-element-2bbc7b0 elementor-widget elementor-widget-text-editor\" data-id=\"2bbc7b0\" data-element_type=\"widget\" data-widget_type=\"text-editor.default\">\n\t\t\t\t<div class=\"elementor-widget-container\">\n\t\t\t\t\t\t\t\t\t<p>\u201cQo\u015ful | Yenilik et | S\u00fcr\u0259tl\u0259ndir\u201d \u015f\u00fcar\u0131n\u0131 r\u0259hb\u0259r tutan Bak\u0131 \u0130qlim F\u0259aliyy\u0259ti H\u0259ft\u0259si iqlim problemi il\u0259 ba\u011fl\u0131 q\u0259tiyy\u0259tli yana\u015fma n\u00fcmayi\u015f etdirir. COP29 \u0259r\u0259f\u0259sin\u0259 t\u0259sad\u00fcf ed\u0259n m\u00fch\u00fcm bir m\u0259rh\u0259l\u0259d\u0259, qlobal perspektivi yerli f\u0259aliyy\u0259t s\u0259yl\u0259ri il\u0259 birl\u0259\u015fdir\u0259n Bak\u0131 \u0130qlim F\u0259aliyy\u0259ti H\u0259ft\u0259si ictimai fikir formala\u015fd\u0131ran beyn\u0259lxalq liderl\u0259ri Bak\u0131da bir araya g\u0259tir\u0259r\u0259k yerli maraql\u0131 t\u0259r\u0259fl\u0259ri \u0259m\u0259kda\u015fl\u0131\u011fa v\u0259 f\u0259al i\u015ftiraka t\u0259\u015fviq edir.<\/p><p>Bak\u0131 \u0130qlim F\u0259aliyy\u0259ti H\u0259ft\u0259si-2024 b\u00fct\u00f6vl\u00fckd\u0259 Az\u0259rbaycan c\u0259miyy\u0259tinin iqlim f\u0259aliyy\u0259tin\u0259 s\u0259f\u0259rb\u0259r olunmas\u0131 istiqam\u0259tind\u0259 at\u0131lan ilk m\u00fch\u00fcm add\u0131m olacaq. S\u00f6z\u00fcged\u0259n t\u0259\u015f\u0259bb\u00fcs \u00e7oxt\u0259r\u0259fli i\u015ftirak v\u0259 geni\u015fmiqyasl\u0131 \u0259m\u0259kda\u015fl\u0131q say\u0259sind\u0259 h\u0259r k\u0259si bu proses\u0259 c\u0259lb etm\u0259yin v\u0259 innovasiyan\u0131 \u00f6lk\u0259miz \u00fc\u00e7\u00fcn \u0259dal\u0259tli v\u0259 \u201cya\u015f\u0131l\u201d ke\u00e7idin apar\u0131c\u0131 platformas\u0131na \u00e7evirm\u0259yin \u0259h\u0259miyy\u0259tini \u00f6n plana \u00e7\u0259kir.<\/p><p>COP29 \u0259r\u0259f\u0259sind\u0259 Bak\u0131 \u0130qlim F\u0259aliyy\u0259ti H\u0259ft\u0259si Az\u0259rbaycan Respublikas\u0131n\u0131n milli \u201cya\u015f\u0131l\u201d transformasiya, regional liderlik v\u0259 qlobal n\u00fcfuz bax\u0131m\u0131ndan ciddi v\u0259 inaml\u0131 i\u015ftirak\u00e7\u0131 \u0259zmkarl\u0131\u011f\u0131n\u0131 n\u00fcmayi\u015f etdir\u0259c\u0259k. H\u0259m\u00e7inin, yerli v\u0259 regional reall\u0131qlara \u0259saslanan m\u00fcsb\u0259t \u201cya\u015f\u0131l\u201d ke\u00e7id t\u0259cr\u00fcb\u0259sinin formala\u015fmas\u0131nda d\u00f6n\u00fc\u015f n\u00f6qt\u0259si olmaqla yana\u015f\u0131, Bak\u0131 \u0130qlim F\u0259aliyy\u0259ti H\u0259ft\u0259si \u0259dal\u0259tli ke\u00e7id v\u0259 iqlim f\u0259aliyy\u0259tin\u0259 sadiq olan h\u0259mfikir t\u0259r\u0259fda\u015flarla yeni \u0259m\u0259kda\u015fl\u0131q \u0259laq\u0259l\u0259rini, o c\u00fcml\u0259d\u0259n investisiya layih\u0259l\u0259ri v\u0259 t\u0259r\u0259fda\u015fl\u0131qlar\u0131 t\u0259\u015fviq ed\u0259r\u0259k Az\u0259rbaycanda \u201cya\u015f\u0131l\u201d ke\u00e7id prosesin\u0259 d\u0259st\u0259k g\u00f6st\u0259r\u0259c\u0259kdir.<\/p>\t\t\t\t\t\t\t\t<\/div>\n\t\t\t\t<\/div>\n\t\t\t\t\t<\/div>\n\t\t\t\t<\/div>\n\t\t<div class=\"elementor-element elementor-element-ab8cfbd e-flex e-con-boxed e-con e-parent\" data-id=\"ab8cfbd\" data-element_type=\"container\">\n\t\t\t\t\t<div class=\"e-con-inner\">\n\t\t<div class=\"elementor-element elementor-element-436f366 e-con-full e-flex e-con e-child\" data-id=\"436f366\" data-element_type=\"container\">\n\t\t\t\t<div class=\"elementor-element elementor-element-77c9444 elementor-widget elementor-widget-heading\" data-id=\"77c9444\" data-element_type=\"widget\" data-widget_type=\"heading.default\">\n\t\t\t\t<div class=\"elementor-widget-container\">\n\t\t\t\t\t<h2 class=\"elementor-heading-title elementor-size-default\">PROQRAM<\/h2>\t\t\t\t<\/div>\n\t\t\t\t<\/div>\n\t\t\t\t<\/div>\n\t\t\t\t\t<\/div>\n\t\t\t\t<\/div>\n\t\t<div class=\"elementor-element elementor-element-431752b e-flex e-con-boxed e-con e-parent\" data-id=\"431752b\" data-element_type=\"container\">\n\t\t\t\t\t<div class=\"e-con-inner\">\n\t\t\t\t<div class=\"elementor-element elementor-element-31d7905 elementor-widget elementor-widget-text-editor\" data-id=\"31d7905\" data-element_type=\"widget\" data-widget_type=\"text-editor.default\">\n\t\t\t\t<div class=\"elementor-widget-container\">\n\t\t\t\t\t\t\t\t\t<div class=\"intro-text-8394\"><p>H\u0259ft\u0259 \u0259rzind\u0259 yerli, milli v\u0259 beyn\u0259lxalq t\u0259r\u0259fda\u015flarla \u0259m\u0259kda\u015fl\u0131q \u00e7\u0259r\u00e7iv\u0259sind\u0259 \u0259sas m\u00f6vzular t\u0259qdim olunacaq. T\u0259dbirin birinci yar\u0131s\u0131nda (30 sentyabr &#8211; 2 oktyabr) d\u00f6vl\u0259t qurumlar\u0131, ali t\u0259hsil m\u00fc\u0259ssis\u0259l\u0259ri v\u0259 \u00f6z\u0259l sektor n\u00fcmay\u0259nd\u0259l\u0259rini ehtiva ed\u0259n iqlim h\u0259ll\u0259ri n\u00fcmayi\u015f etdiril\u0259c\u0259k. 3-4 oktyabr tarixind\u0259 is\u0259 elm, t\u0259hsil, inc\u0259s\u0259n\u0259t, m\u0259d\u0259niyy\u0259t v\u0259 dig\u0259r sah\u0259l\u0259r \u00f6n planda olacaq v\u0259 Bak\u0131n\u0131n z\u0259ngin m\u0259d\u0259ni irsind\u0259n istifad\u0259 etm\u0259kl\u0259, q\u0259dim \u015f\u0259h\u0259r\u0259 malik olan v\u0259 ke\u00e7id d\u00f6vr\u00fcn\u00fc ya\u015fayan bir \u00f6lk\u0259nin hekay\u0259si t\u0259qdim edil\u0259c\u0259kdir.<\/p><p>Proqram \u00e7\u0259r\u00e7iv\u0259sind\u0259 i\u015ftirak\u00e7\u0131lar \u00fc\u00e7\u00fcn immersiv t\u0259cr\u00fcb\u0259 yaratmaq m\u0259qs\u0259dil\u0259 m\u00fcxt\u0259lif g\u0259zinti, m\u00fczakir\u0259 v\u0259 s\u0259rgi t\u0259\u015f\u0259bb\u00fcsl\u0259ri h\u0259yata ke\u00e7iril\u0259c\u0259k. H\u0259m\u00e7inin, Bak\u0131 \u0130qlim F\u0259aliyy\u0259ti H\u0259ft\u0259si b\u00fct\u00fcn h\u00f6kum\u0259t r\u0259smil\u0259ri v\u0259 c\u0259miyy\u0259t n\u00fcmay\u0259nd\u0259l\u0259rinin t\u0259dric\u0259n s\u0259f\u0259rb\u0259r olunmalar\u0131 istiqam\u0259tind\u0259 \u00e7oxillik milli iqlim dan\u0131\u015f\u0131qlar\u0131na start ver\u0259c\u0259kdir. H\u0259ft\u0259 \u00e7\u0259r\u00e7iv\u0259sind\u0259 paytaxt\u0131n m\u00fcxt\u0259lif m\u0259kanlar\u0131nda ictimaiyy\u0259t \u00fc\u00e7\u00fcn a\u00e7\u0131q v\u0259 qapal\u0131 t\u0259dbirl\u0259rin ke\u00e7irilm\u0259si n\u0259z\u0259rd\u0259 tutulub.<\/p><p>Eyni zamanda, proqrama Bak\u0131n\u0131n s\u0259hral\u0131q \u0259razid\u0259n ya\u015f\u0131l m\u0259kana \u00e7evrilm\u0259sini \u0259yan\u0131 \u015f\u0259kild\u0259 n\u00fcmayi\u015f etdir\u0259n M\u0259rk\u0259zi N\u0259batat Ba\u011f\u0131na ziyar\u0259t, el\u0259c\u0259 d\u0259 \u015f\u0259h\u0259rin tarixi, memarl\u0131\u011f\u0131, t\u0259bi\u0259ti v\u0259 unikal geologiyas\u0131 il\u0259 tan\u0131\u015fl\u0131q \u00fc\u00e7\u00fcn piyada g\u0259zinti turlar\u0131 v\u0259 ekskursiyalar daxildir.<\/p><\/div>\t\t\t\t\t\t\t\t<\/div>\n\t\t\t\t<\/div>\n\t\t\t\t\t<\/div>\n\t\t\t\t<\/div>\n\t\t<div class=\"elementor-element elementor-element-6a2f525 e-flex e-con-boxed e-con e-parent\" data-id=\"6a2f525\" data-element_type=\"container\">\n\t\t\t\t\t<div class=\"e-con-inner\">\n\t\t<div class=\"elementor-element elementor-element-d7034f7 e-con-full e-flex e-con e-child\" data-id=\"d7034f7\" data-element_type=\"container\">\n\t\t\t\t<div class=\"elementor-element elementor-element-819de04 elementor-widget elementor-widget-heading\" data-id=\"819de04\" data-element_type=\"widget\" data-widget_type=\"heading.default\">\n\t\t\t\t<div class=\"elementor-widget-container\">\n\t\t\t\t\t<h2 class=\"elementor-heading-title elementor-size-default\">AUD\u0130TOR\u0130YA<\/h2>\t\t\t\t<\/div>\n\t\t\t\t<\/div>\n\t\t\t\t<\/div>\n\t\t\t\t\t<\/div>\n\t\t\t\t<\/div>\n\t\t<div class=\"elementor-element elementor-element-f043b28 e-flex e-con-boxed e-con e-parent\" data-id=\"f043b28\" data-element_type=\"container\">\n\t\t\t\t\t<div class=\"e-con-inner\">\n\t\t\t\t<div class=\"elementor-element elementor-element-2194ae5 elementor-widget elementor-widget-text-editor\" data-id=\"2194ae5\" data-element_type=\"widget\" data-widget_type=\"text-editor.default\">\n\t\t\t\t<div class=\"elementor-widget-container\">\n\t\t\t\t\t\t\t\t\t<p>Bak\u0131 \u0130qlim F\u0259aliyy\u0259ti H\u0259ft\u0259sind\u0259 h\u0259m Az\u0259rbaycandan, h\u0259m d\u0259 region \u00f6lk\u0259l\u0259ri v\u0259 d\u00fcnyan\u0131n ayr\u0131-ayr\u0131 gu\u015f\u0259l\u0259rind\u0259n siyas\u0259t, \u00f6z\u0259l sektor, maliyy\u0259, elm v\u0259 texnologiya, universitetl\u0259r, v\u0259t\u0259nda\u015f c\u0259miyy\u0259ti, \u015f\u0259h\u0259r v\u0259 regionlar, inc\u0259s\u0259n\u0259t v\u0259 m\u0259d\u0259niyy\u0259t, tikinti, infrastruktur v\u0259 idman kimi m\u00fcxt\u0259lif sektorlar\u0131 t\u0259msil ed\u0259n n\u00fcmay\u0259nd\u0259l\u0259rin i\u015ftirak\u00e7\u0131 g\u00f6zl\u0259nilir. T\u0259\u015fkilat\u00e7\u0131lar t\u0259dbir zaman\u0131 gender balans\u0131n\u0131n, el\u0259c\u0259 d\u0259 g\u0259ncl\u0259rin f\u0259al i\u015ftirak\u0131n\u0131n t\u0259min olunmas\u0131na x\u00fcsusi \u00f6n\u0259m verirl\u0259r.<\/p>\t\t\t\t\t\t\t\t<\/div>\n\t\t\t\t<\/div>\n\t\t\t\t\t<\/div>\n\t\t\t\t<\/div>\n\t\t\t\t<\/div>\n\t\t","protected":false},"excerpt":{"rendered":"<p>Giri\u015f \u00dcMUM\u0130 M\u018fLUMAT M\u0259lum oldu\u011fu\u00a0 kimi, 2024-c\u00fc il sentyabr\u0131n 30-dan oktyabr\u0131n 4-n\u0259 kimi ilk Bak\u0131 \u0130qlim F\u0259aliyy\u0259ti H\u0259ft\u0259si ke\u00e7iril\u0259c\u0259k. Beyn\u0259lxalq ictimaiyy\u0259tin 2024-c\u00fc ilin noyabr\u0131nda paytaxt Bak\u0131 \u015f\u0259h\u0259rind\u0259 t\u0259\u015fkil olunacaq UNFCCC-nin [&hellip;]<\/p>\n","protected":false},"author":1,"featured_media":0,"parent":8135,"menu_order":0,"comment_status":"closed","ping_status":"closed","template":"","meta":{"footnotes":""},"class_list":["post-5551","page","type-page","status-publish","hentry"],"yoast_head":"<!-- This site is optimized with the Yoast SEO plugin v26.1.1 - https:\/\/yoast.com\/wordpress\/plugins\/seo\/ -->\n<title>Giri\u015f - Baku<\/title>\n<meta name=\"robots\" content=\"index, follow, max-snippet:-1, max-image-preview:large, max-video-preview:-1\" \/>\n<link rel=\"canonical\" href=\"https:\/\/bakuclimateactionweek.org\/Az\/bcaw2024\/introduction\/\" \/>\n<meta property=\"og:locale\" content=\"en_US\" \/>\n<meta property=\"og:type\" content=\"article\" \/>\n<meta property=\"og:title\" content=\"Giri\u015f - Baku\" \/>\n<meta property=\"og:description\" content=\"Giri\u015f \u00dcMUM\u0130 M\u018fLUMAT M\u0259lum oldu\u011fu\u00a0 kimi, 2024-c\u00fc il sentyabr\u0131n 30-dan oktyabr\u0131n 4-n\u0259 kimi ilk Bak\u0131 \u0130qlim F\u0259aliyy\u0259ti H\u0259ft\u0259si ke\u00e7iril\u0259c\u0259k. Beyn\u0259lxalq ictimaiyy\u0259tin 2024-c\u00fc ilin noyabr\u0131nda paytaxt Bak\u0131 \u015f\u0259h\u0259rind\u0259 t\u0259\u015fkil olunacaq UNFCCC-nin [&hellip;]\" \/>\n<meta property=\"og:url\" content=\"https:\/\/bakuclimateactionweek.org\/Az\/bcaw2024\/introduction\/\" \/>\n<meta property=\"og:site_name\" content=\"Baku\" \/>\n<meta property=\"article:modified_time\" content=\"2025-10-09T07:39:21+00:00\" \/>\n<meta name=\"twitter:card\" content=\"summary_large_image\" \/>\n<meta name=\"twitter:label1\" content=\"Est. reading time\" \/>\n\t<meta name=\"twitter:data1\" content=\"5 minutes\" \/>\n<script type=\"application\/ld+json\" class=\"yoast-schema-graph\">{\"@context\":\"https:\/\/schema.org\",\"@graph\":[{\"@type\":\"WebPage\",\"@id\":\"https:\/\/bakuclimateactionweek.org\/Az\/bcaw2024\/introduction\/\",\"url\":\"https:\/\/bakuclimateactionweek.org\/Az\/bcaw2024\/introduction\/\",\"name\":\"Giri\u015f - Baku\",\"isPartOf\":{\"@id\":\"https:\/\/bakuclimateactionweek.org\/Az\/#website\"},\"datePublished\":\"2025-05-28T08:53:12+00:00\",\"dateModified\":\"2025-10-09T07:39:21+00:00\",\"breadcrumb\":{\"@id\":\"https:\/\/bakuclimateactionweek.org\/Az\/bcaw2024\/introduction\/#breadcrumb\"},\"inLanguage\":\"en-US\",\"potentialAction\":[{\"@type\":\"ReadAction\",\"target\":[\"https:\/\/bakuclimateactionweek.org\/Az\/bcaw2024\/introduction\/\"]}]},{\"@type\":\"BreadcrumbList\",\"@id\":\"https:\/\/bakuclimateactionweek.org\/Az\/bcaw2024\/introduction\/#breadcrumb\",\"itemListElement\":[{\"@type\":\"ListItem\",\"position\":1,\"name\":\"Home\",\"item\":\"https:\/\/bakuclimateactionweek.org\/Az\/\"},{\"@type\":\"ListItem\",\"position\":2,\"name\":\"BCAW 2024\",\"item\":\"https:\/\/bakuclimateactionweek.org\/Az\/bcaw2024\/\"},{\"@type\":\"ListItem\",\"position\":3,\"name\":\"Giri\u015f\"}]},{\"@type\":\"WebSite\",\"@id\":\"https:\/\/bakuclimateactionweek.org\/Az\/#website\",\"url\":\"https:\/\/bakuclimateactionweek.org\/Az\/\",\"name\":\"Baku\",\"description\":\"Baku Climate Action Week\",\"potentialAction\":[{\"@type\":\"SearchAction\",\"target\":{\"@type\":\"EntryPoint\",\"urlTemplate\":\"https:\/\/bakuclimateactionweek.org\/Az\/?s={search_term_string}\"},\"query-input\":{\"@type\":\"PropertyValueSpecification\",\"valueRequired\":true,\"valueName\":\"search_term_string\"}}],\"inLanguage\":\"en-US\"}]}<\/script>\n<!-- \/ Yoast SEO plugin. -->","yoast_head_json":{"title":"Giri\u015f - Baku","robots":{"index":"index","follow":"follow","max-snippet":"max-snippet:-1","max-image-preview":"max-image-preview:large","max-video-preview":"max-video-preview:-1"},"canonical":"https:\/\/bakuclimateactionweek.org\/Az\/bcaw2024\/introduction\/","og_locale":"en_US","og_type":"article","og_title":"Giri\u015f - Baku","og_description":"Giri\u015f \u00dcMUM\u0130 M\u018fLUMAT M\u0259lum oldu\u011fu\u00a0 kimi, 2024-c\u00fc il sentyabr\u0131n 30-dan oktyabr\u0131n 4-n\u0259 kimi ilk Bak\u0131 \u0130qlim F\u0259aliyy\u0259ti H\u0259ft\u0259si ke\u00e7iril\u0259c\u0259k. Beyn\u0259lxalq ictimaiyy\u0259tin 2024-c\u00fc ilin noyabr\u0131nda paytaxt Bak\u0131 \u015f\u0259h\u0259rind\u0259 t\u0259\u015fkil olunacaq UNFCCC-nin [&hellip;]","og_url":"https:\/\/bakuclimateactionweek.org\/Az\/bcaw2024\/introduction\/","og_site_name":"Baku","article_modified_time":"2025-10-09T07:39:21+00:00","twitter_card":"summary_large_image","twitter_misc":{"Est. reading time":"5 minutes"},"schema":{"@context":"https:\/\/schema.org","@graph":[{"@type":"WebPage","@id":"https:\/\/bakuclimateactionweek.org\/Az\/bcaw2024\/introduction\/","url":"https:\/\/bakuclimateactionweek.org\/Az\/bcaw2024\/introduction\/","name":"Giri\u015f - Baku","isPartOf":{"@id":"https:\/\/bakuclimateactionweek.org\/Az\/#website"},"datePublished":"2025-05-28T08:53:12+00:00","dateModified":"2025-10-09T07:39:21+00:00","breadcrumb":{"@id":"https:\/\/bakuclimateactionweek.org\/Az\/bcaw2024\/introduction\/#breadcrumb"},"inLanguage":"en-US","potentialAction":[{"@type":"ReadAction","target":["https:\/\/bakuclimateactionweek.org\/Az\/bcaw2024\/introduction\/"]}]},{"@type":"BreadcrumbList","@id":"https:\/\/bakuclimateactionweek.org\/Az\/bcaw2024\/introduction\/#breadcrumb","itemListElement":[{"@type":"ListItem","position":1,"name":"Home","item":"https:\/\/bakuclimateactionweek.org\/Az\/"},{"@type":"ListItem","position":2,"name":"BCAW 2024","item":"https:\/\/bakuclimateactionweek.org\/Az\/bcaw2024\/"},{"@type":"ListItem","position":3,"name":"Giri\u015f"}]},{"@type":"WebSite","@id":"https:\/\/bakuclimateactionweek.org\/Az\/#website","url":"https:\/\/bakuclimateactionweek.org\/Az\/","name":"Baku","description":"Baku Climate Action Week","potentialAction":[{"@type":"SearchAction","target":{"@type":"EntryPoint","urlTemplate":"https:\/\/bakuclimateactionweek.org\/Az\/?s={search_term_string}"},"query-input":{"@type":"PropertyValueSpecification","valueRequired":true,"valueName":"search_term_string"}}],"inLanguage":"en-US"}]}},"_links":{"self":[{"href":"https:\/\/bakuclimateactionweek.org\/Az\/wp-json\/wp\/v2\/pages\/5551","targetHints":{"allow":["GET"]}}],"collection":[{"href":"https:\/\/bakuclimateactionweek.org\/Az\/wp-json\/wp\/v2\/pages"}],"about":[{"href":"https:\/\/bakuclimateactionweek.org\/Az\/wp-json\/wp\/v2\/types\/page"}],"author":[{"embeddable":true,"href":"https:\/\/bakuclimateactionweek.org\/Az\/wp-json\/wp\/v2\/users\/1"}],"replies":[{"embeddable":true,"href":"https:\/\/bakuclimateactionweek.org\/Az\/wp-json\/wp\/v2\/comments?post=5551"}],"version-history":[{"count":10,"href":"https:\/\/bakuclimateactionweek.org\/Az\/wp-json\/wp\/v2\/pages\/5551\/revisions"}],"predecessor-version":[{"id":7462,"href":"https:\/\/bakuclimateactionweek.org\/Az\/wp-json\/wp\/v2\/pages\/5551\/revisions\/7462"}],"up":[{"embeddable":true,"href":"https:\/\/bakuclimateactionweek.org\/Az\/wp-json\/wp\/v2\/pages\/8135"}],"wp:attachment":[{"href":"https:\/\/bakuclimateactionweek.org\/Az\/wp-json\/wp\/v2\/media?parent=5551"}],"curies":[{"name":"wp","href":"https:\/\/api.w.org\/{rel}","templated":true}]}}