{"id":7300,"date":"2025-08-14T17:08:57","date_gmt":"2025-08-14T22:08:57","guid":{"rendered":"https:\/\/bakuclimateactionweek.org\/Az\/?page_id=7300"},"modified":"2025-09-10T04:45:23","modified_gmt":"2025-09-10T09:45:23","slug":"qeydiyyat","status":"publish","type":"page","link":"https:\/\/bakuclimateactionweek.org\/Az\/qeydiyyat\/","title":{"rendered":"Qeydiyyat"},"content":{"rendered":"\t\t<div data-elementor-type=\"wp-page\" data-elementor-id=\"7300\" class=\"elementor elementor-7300\" data-elementor-post-type=\"page\">\n\t\t\t\t<div class=\"elementor-element elementor-element-a8de277 e-con-full MaxH e-flex e-con e-parent\" data-id=\"a8de277\" data-element_type=\"container\" data-settings=\"{&quot;background_background&quot;:&quot;classic&quot;}\">\n\t\t\t\t<div class=\"elementor-element elementor-element-9eba69c MaxH elementor-widget elementor-widget-heading\" data-id=\"9eba69c\" data-element_type=\"widget\" data-widget_type=\"heading.default\">\n\t\t\t\t<div class=\"elementor-widget-container\">\n\t\t\t\t\t<h2 class=\"elementor-heading-title elementor-size-default\">Qeydiyyat\n<\/h2>\t\t\t\t<\/div>\n\t\t\t\t<\/div>\n\t\t\t\t<\/div>\n\t\t<div class=\"elementor-element elementor-element-1067047 e-flex e-con-boxed e-con e-parent\" data-id=\"1067047\" data-element_type=\"container\">\n\t\t\t\t\t<div class=\"e-con-inner\">\n\t\t<div class=\"elementor-element elementor-element-5c4a52d e-flex e-con-boxed e-con e-child\" data-id=\"5c4a52d\" data-element_type=\"container\">\n\t\t\t\t\t<div class=\"e-con-inner\">\n\t\t\t\t<div class=\"elementor-element elementor-element-6bc421d elementor-widget elementor-widget-heading\" data-id=\"6bc421d\" data-element_type=\"widget\" data-widget_type=\"heading.default\">\n\t\t\t\t<div class=\"elementor-widget-container\">\n\t\t\t\t\t<h2 class=\"elementor-heading-title elementor-size-default\">Qeydiyyat<\/h2>\t\t\t\t<\/div>\n\t\t\t\t<\/div>\n\t\t\t\t\t<\/div>\n\t\t\t\t<\/div>\n\t\t\t\t\t<\/div>\n\t\t\t\t<\/div>\n\t\t<div class=\"elementor-element elementor-element-7b133dd e-flex e-con-boxed e-con e-parent\" data-id=\"7b133dd\" data-element_type=\"container\">\n\t\t\t\t\t<div class=\"e-con-inner\">\n\t\t\t\t<div class=\"elementor-element elementor-element-5eeda36 elementor-widget elementor-widget-text-editor\" data-id=\"5eeda36\" data-element_type=\"widget\" data-widget_type=\"text-editor.default\">\n\t\t\t\t<div class=\"elementor-widget-container\">\n\t\t\t\t\t\t\t\t\t<p class=\"MsoNormal\"><span lang=\"EN-US\">BCAW2025 \u00fc\u00e7\u00fcn qeydiyyat ba\u015flad\u0131! Bak\u0131 \u0130qlim F\u0259aliyy\u0259ti H\u0259ft\u0259si 2025, 29 sentyabr \u2013 3 oktyabr tarixl\u0259rind\u0259 ke\u00e7iril\u0259c\u0259k.<\/span><\/p>\n<p class=\"MsoNormal\"><span lang=\"EN-US\">H\u0259ft\u0259 29 sentyabr \u2013 1 oktyabr tarixl\u0259rind\u0259 ke\u00e7iril\u0259c\u0259k 3 g\u00fcnl\u00fck Y\u00fcks\u0259k S\u0259viyy\u0259li Beyn\u0259lxalq Konfransla a\u00e7\u0131lacaq. Bununla yana\u015f\u0131, \u015f\u0259h\u0259r \u00fczr\u0259 siyas\u0259t, elm, maliyy\u0259, g\u0259ncl\u0259r, t\u0259hsil, moda v\u0259 icma f\u0259aliyy\u0259ti m\u00f6vzular\u0131nda m\u00fcxt\u0259lif t\u0259dbirl\u0259r t\u0259\u015fkil olunacaq.<\/span><\/p>\n<p class=\"MsoNormal\"><span lang=\"EN-US\">\u018ftrafl\u0131 m\u0259lumat\u0131 <\/span><a href=\"https:\/\/bakuclimateactionweek.org\/wp-content\/uploads\/2025\/09\/9-9-25-BCAW-2025-programme.pdf\"><b>Proqram b\u00f6lm\u0259sind\u0259<\/b><\/a><span lang=\"EN-US\"> tapa bil\u0259rsiniz.<\/span><\/p>\n<p class=\"MsoNormal\"><span lang=\"EN-US\">T\u0259dbirl\u0259rin bir \u00e7oxu ictimaiyy\u0259t \u00fc\u00e7\u00fcn a\u00e7\u0131qd\u0131r, lakin qeydiyyat v\u0259 ya bilet t\u0259l\u0259b oluna bil\u0259r. Dig\u0259rl\u0259ri is\u0259 yaln\u0131z d\u0259v\u0259t \u0259sas\u0131nda v\u0259 ya qapal\u0131 \u015f\u0259kild\u0259 ke\u00e7iril\u0259c\u0259k.<\/span><\/p>\n<p class=\"MsoNormal\"><span lang=\"EN-US\">\u0130\u015ftirak\u00e7\u0131 kimi qeydiyyatdan ke\u00e7m\u0259k \u00fc\u00e7\u00fcn <\/span><a href=\"https:\/\/www.cognitoforms.com\/BCAW1\/registration-form\"><b>M\u00fcraci\u0259t Formas\u0131n\u0131<\/b><\/a><span lang=\"EN-US\"> doldura bil\u0259rsiniz.<\/span><\/p>\n<p class=\"MsoNormal\"><span lang=\"EN-US\" style=\"font-size: 12pt;\">\u018flav\u0259 suallar \u00fc\u00e7\u00fcn biziml\u0259 \u0259laq\u0259 saxlay\u0131n: <\/span><span style=\"font-size: 12pt;\"><a href=\"mailto:registration@bakuclimateactionweek.org\"><span lang=\"EN-US\">registration@bakuclimateactionweek.org<\/span><\/a><\/span><\/p>\t\t\t\t\t\t\t\t<\/div>\n\t\t\t\t<\/div>\n\t\t\t\t\t<\/div>\n\t\t\t\t<\/div>\n\t\t\t\t<\/div>\n\t\t","protected":false},"excerpt":{"rendered":"<p>Qeydiyyat Qeydiyyat BCAW2025 \u00fc\u00e7\u00fcn qeydiyyat ba\u015flad\u0131! Bak\u0131 \u0130qlim F\u0259aliyy\u0259ti H\u0259ft\u0259si 2025, 29 sentyabr \u2013 3 oktyabr tarixl\u0259rind\u0259 ke\u00e7iril\u0259c\u0259k. H\u0259ft\u0259 29 sentyabr \u2013 1 oktyabr tarixl\u0259rind\u0259 ke\u00e7iril\u0259c\u0259k 3 g\u00fcnl\u00fck Y\u00fcks\u0259k S\u0259viyy\u0259li [&hellip;]<\/p>\n","protected":false},"author":1,"featured_media":0,"parent":0,"menu_order":0,"comment_status":"closed","ping_status":"closed","template":"","meta":{"footnotes":""},"class_list":["post-7300","page","type-page","status-publish","hentry"],"yoast_head":"<!-- This site is optimized with the Yoast SEO plugin v26.1.1 - https:\/\/yoast.com\/wordpress\/plugins\/seo\/ -->\n<title>Qeydiyyat - Baku<\/title>\n<meta name=\"robots\" content=\"index, follow, max-snippet:-1, max-image-preview:large, max-video-preview:-1\" \/>\n<link rel=\"canonical\" href=\"https:\/\/bakuclimateactionweek.org\/Az\/qeydiyyat\/\" \/>\n<meta property=\"og:locale\" content=\"en_US\" \/>\n<meta property=\"og:type\" content=\"article\" \/>\n<meta property=\"og:title\" content=\"Qeydiyyat - Baku\" \/>\n<meta property=\"og:description\" content=\"Qeydiyyat Qeydiyyat BCAW2025 \u00fc\u00e7\u00fcn qeydiyyat ba\u015flad\u0131! Bak\u0131 \u0130qlim F\u0259aliyy\u0259ti H\u0259ft\u0259si 2025, 29 sentyabr \u2013 3 oktyabr tarixl\u0259rind\u0259 ke\u00e7iril\u0259c\u0259k. H\u0259ft\u0259 29 sentyabr \u2013 1 oktyabr tarixl\u0259rind\u0259 ke\u00e7iril\u0259c\u0259k 3 g\u00fcnl\u00fck Y\u00fcks\u0259k S\u0259viyy\u0259li [&hellip;]\" \/>\n<meta property=\"og:url\" content=\"https:\/\/bakuclimateactionweek.org\/Az\/qeydiyyat\/\" \/>\n<meta property=\"og:site_name\" content=\"Baku\" \/>\n<meta property=\"article:modified_time\" content=\"2025-09-10T09:45:23+00:00\" \/>\n<meta name=\"twitter:card\" content=\"summary_large_image\" \/>\n<meta name=\"twitter:label1\" content=\"Est. reading time\" \/>\n\t<meta name=\"twitter:data1\" content=\"1 minute\" \/>\n<script type=\"application\/ld+json\" class=\"yoast-schema-graph\">{\"@context\":\"https:\/\/schema.org\",\"@graph\":[{\"@type\":\"WebPage\",\"@id\":\"https:\/\/bakuclimateactionweek.org\/Az\/qeydiyyat\/\",\"url\":\"https:\/\/bakuclimateactionweek.org\/Az\/qeydiyyat\/\",\"name\":\"Qeydiyyat - Baku\",\"isPartOf\":{\"@id\":\"https:\/\/bakuclimateactionweek.org\/Az\/#website\"},\"datePublished\":\"2025-08-14T22:08:57+00:00\",\"dateModified\":\"2025-09-10T09:45:23+00:00\",\"breadcrumb\":{\"@id\":\"https:\/\/bakuclimateactionweek.org\/Az\/qeydiyyat\/#breadcrumb\"},\"inLanguage\":\"en-US\",\"potentialAction\":[{\"@type\":\"ReadAction\",\"target\":[\"https:\/\/bakuclimateactionweek.org\/Az\/qeydiyyat\/\"]}]},{\"@type\":\"BreadcrumbList\",\"@id\":\"https:\/\/bakuclimateactionweek.org\/Az\/qeydiyyat\/#breadcrumb\",\"itemListElement\":[{\"@type\":\"ListItem\",\"position\":1,\"name\":\"Home\",\"item\":\"https:\/\/bakuclimateactionweek.org\/Az\/\"},{\"@type\":\"ListItem\",\"position\":2,\"name\":\"Qeydiyyat\"}]},{\"@type\":\"WebSite\",\"@id\":\"https:\/\/bakuclimateactionweek.org\/Az\/#website\",\"url\":\"https:\/\/bakuclimateactionweek.org\/Az\/\",\"name\":\"Baku\",\"description\":\"Baku Climate Action Week\",\"potentialAction\":[{\"@type\":\"SearchAction\",\"target\":{\"@type\":\"EntryPoint\",\"urlTemplate\":\"https:\/\/bakuclimateactionweek.org\/Az\/?s={search_term_string}\"},\"query-input\":{\"@type\":\"PropertyValueSpecification\",\"valueRequired\":true,\"valueName\":\"search_term_string\"}}],\"inLanguage\":\"en-US\"}]}<\/script>\n<!-- \/ Yoast SEO plugin. -->","yoast_head_json":{"title":"Qeydiyyat - Baku","robots":{"index":"index","follow":"follow","max-snippet":"max-snippet:-1","max-image-preview":"max-image-preview:large","max-video-preview":"max-video-preview:-1"},"canonical":"https:\/\/bakuclimateactionweek.org\/Az\/qeydiyyat\/","og_locale":"en_US","og_type":"article","og_title":"Qeydiyyat - Baku","og_description":"Qeydiyyat Qeydiyyat BCAW2025 \u00fc\u00e7\u00fcn qeydiyyat ba\u015flad\u0131! Bak\u0131 \u0130qlim F\u0259aliyy\u0259ti H\u0259ft\u0259si 2025, 29 sentyabr \u2013 3 oktyabr tarixl\u0259rind\u0259 ke\u00e7iril\u0259c\u0259k. H\u0259ft\u0259 29 sentyabr \u2013 1 oktyabr tarixl\u0259rind\u0259 ke\u00e7iril\u0259c\u0259k 3 g\u00fcnl\u00fck Y\u00fcks\u0259k S\u0259viyy\u0259li [&hellip;]","og_url":"https:\/\/bakuclimateactionweek.org\/Az\/qeydiyyat\/","og_site_name":"Baku","article_modified_time":"2025-09-10T09:45:23+00:00","twitter_card":"summary_large_image","twitter_misc":{"Est. reading time":"1 minute"},"schema":{"@context":"https:\/\/schema.org","@graph":[{"@type":"WebPage","@id":"https:\/\/bakuclimateactionweek.org\/Az\/qeydiyyat\/","url":"https:\/\/bakuclimateactionweek.org\/Az\/qeydiyyat\/","name":"Qeydiyyat - Baku","isPartOf":{"@id":"https:\/\/bakuclimateactionweek.org\/Az\/#website"},"datePublished":"2025-08-14T22:08:57+00:00","dateModified":"2025-09-10T09:45:23+00:00","breadcrumb":{"@id":"https:\/\/bakuclimateactionweek.org\/Az\/qeydiyyat\/#breadcrumb"},"inLanguage":"en-US","potentialAction":[{"@type":"ReadAction","target":["https:\/\/bakuclimateactionweek.org\/Az\/qeydiyyat\/"]}]},{"@type":"BreadcrumbList","@id":"https:\/\/bakuclimateactionweek.org\/Az\/qeydiyyat\/#breadcrumb","itemListElement":[{"@type":"ListItem","position":1,"name":"Home","item":"https:\/\/bakuclimateactionweek.org\/Az\/"},{"@type":"ListItem","position":2,"name":"Qeydiyyat"}]},{"@type":"WebSite","@id":"https:\/\/bakuclimateactionweek.org\/Az\/#website","url":"https:\/\/bakuclimateactionweek.org\/Az\/","name":"Baku","description":"Baku Climate Action Week","potentialAction":[{"@type":"SearchAction","target":{"@type":"EntryPoint","urlTemplate":"https:\/\/bakuclimateactionweek.org\/Az\/?s={search_term_string}"},"query-input":{"@type":"PropertyValueSpecification","valueRequired":true,"valueName":"search_term_string"}}],"inLanguage":"en-US"}]}},"_links":{"self":[{"href":"https:\/\/bakuclimateactionweek.org\/Az\/wp-json\/wp\/v2\/pages\/7300","targetHints":{"allow":["GET"]}}],"collection":[{"href":"https:\/\/bakuclimateactionweek.org\/Az\/wp-json\/wp\/v2\/pages"}],"about":[{"href":"https:\/\/bakuclimateactionweek.org\/Az\/wp-json\/wp\/v2\/types\/page"}],"author":[{"embeddable":true,"href":"https:\/\/bakuclimateactionweek.org\/Az\/wp-json\/wp\/v2\/users\/1"}],"replies":[{"embeddable":true,"href":"https:\/\/bakuclimateactionweek.org\/Az\/wp-json\/wp\/v2\/comments?post=7300"}],"version-history":[{"count":15,"href":"https:\/\/bakuclimateactionweek.org\/Az\/wp-json\/wp\/v2\/pages\/7300\/revisions"}],"predecessor-version":[{"id":7610,"href":"https:\/\/bakuclimateactionweek.org\/Az\/wp-json\/wp\/v2\/pages\/7300\/revisions\/7610"}],"wp:attachment":[{"href":"https:\/\/bakuclimateactionweek.org\/Az\/wp-json\/wp\/v2\/media?parent=7300"}],"curies":[{"name":"wp","href":"https:\/\/api.w.org\/{rel}","templated":true}]}}